{"id":1035599,"date":"2024-09-27T13:41:32","date_gmt":"2024-09-27T13:41:32","guid":{"rendered":"https:\/\/kudocook.com\/recipe\/galette-des-rois-con-castanas-y-avellanas-utilizando-un-fagor\/"},"modified":"2025-03-27T02:10:17","modified_gmt":"2025-03-27T02:10:17","slug":"galette-des-rois-con-castanas-y-avellanas-utilizando-un-fagor","status":"publish","type":"recipe","link":"https:\/\/kudocook.com\/es\/recipe\/galette-des-rois-con-castanas-y-avellanas-utilizando-un-fagor\/","title":{"rendered":"Galette des rois con casta\u00f1as y avellanas utilizando un Fagor"},"content":{"rendered":"<p>Del\u00e9itate con un trozo de tradici\u00f3n francesa con la Galette des Rois, un delicioso hojaldre que celebra la Epifan\u00eda y la alegr\u00eda de los reyes. Esta versi\u00f3n en particular, que incluye casta\u00f1as y avellanas, aporta un giro nuez a la cl\u00e1sica crema de almendra, convirti\u00e9ndola en un bocado irresistible. La leyenda dice que la persona que encuentra la f\u00e8ve oculta en su porci\u00f3n se convierte en rey (o reina) por un d\u00eda, as\u00ed que aseg\u00farate de servirla con un toque de diversi\u00f3n y competencia amistosa. Originaria de la tradici\u00f3n francesa medieval, esta galette es una mezcla perfecta de hojaldre crujiente y un relleno cremoso y nuez que te har\u00e1 exclamar &#8216;\u00a1Viva la Galette!&#8217; despu\u00e9s del primer bocado. \u00a1No olvides tener tu corona lista; nunca se sabe qui\u00e9n ser\u00e1 coronado como monarca de la mesa de postres!<\/p>\n","protected":false},"excerpt":{"rendered":"<p>Del\u00e9itate con un trozo de tradici\u00f3n francesa con la Galette des Rois, un delicioso hojaldre que celebra la Epifan\u00eda y la alegr\u00eda de los reyes. Esta versi\u00f3n en particular, que incluye casta\u00f1as y avellanas, aporta un giro nuez a la&#8230;<\/p>\n","protected":false},"featured_media":1035543,"template":"","meta":{"_acf_changed":false},"categories":[],"tags":[],"recipe_category":[16563,16564],"recipe_meal_course":[16744,16743],"recipe_profile":[16864,16863,16784,16783],"recipe_origin":[16903,16904],"recipe_season":[17292,17363,17364,17291],"compatible_robots":[17392,17391],"class_list":["post-1035599","recipe","type-recipe","status-publish","has-post-thumbnail","hentry","recipe_category-patisseries-es","recipe_category-patisseries","recipe_meal_course-dessert","recipe_meal_course-dessert-es","recipe_profile-gluten-free","recipe_profile-gluten-free-es","recipe_profile-vegetarien","recipe_profile-vegetarien-es","recipe_origin-francaise-es","recipe_origin-francaise","recipe_season-noel","recipe_season-epiphany-es","recipe_season-epiphany","recipe_season-noel-es","compatible_robots-fagor","compatible_robots-fagor-es"],"acf":[],"yoast_head":"<!-- This site is optimized with the Yoast SEO plugin v27.4 - https:\/\/yoast.com\/product\/yoast-seo-wordpress\/ -->\n<title>Galette des rois con casta\u00f1as y avellanas utilizando un Fagor - KudoCook<\/title>\n<meta name=\"robots\" content=\"index, follow, max-snippet:-1, max-image-preview:large, max-video-preview:-1\" \/>\n<link rel=\"canonical\" href=\"https:\/\/kudocook.com\/es\/recipe\/galette-des-rois-con-castanas-y-avellanas-utilizando-un-fagor\/\" \/>\n<meta property=\"og:locale\" content=\"es_ES\" \/>\n<meta property=\"og:type\" content=\"article\" \/>\n<meta property=\"og:title\" content=\"Galette des rois con casta\u00f1as y avellanas utilizando un Fagor - KudoCook\" \/>\n<meta property=\"og:description\" content=\"Del\u00e9itate con un trozo de tradici\u00f3n francesa con la Galette des Rois, un delicioso hojaldre que celebra la Epifan\u00eda y la alegr\u00eda de los reyes. Esta versi\u00f3n en particular, que incluye casta\u00f1as y avellanas, aporta un giro nuez a la...\" \/>\n<meta property=\"og:url\" content=\"https:\/\/kudocook.com\/es\/recipe\/galette-des-rois-con-castanas-y-avellanas-utilizando-un-fagor\/\" \/>\n<meta property=\"og:site_name\" content=\"KudoCook\" \/>\n<meta property=\"article:publisher\" content=\"https:\/\/www.facebook.com\/kudocook\" \/>\n<meta property=\"article:modified_time\" content=\"2025-03-27T02:10:17+00:00\" \/>\n<meta property=\"og:image\" content=\"https:\/\/kudocook.com\/wp-content\/uploads\/2024\/09\/637f72700f456.jpg\" \/>\n\t<meta property=\"og:image:width\" content=\"900\" \/>\n\t<meta property=\"og:image:height\" content=\"600\" \/>\n\t<meta property=\"og:image:type\" content=\"image\/jpeg\" \/>\n<meta name=\"twitter:card\" content=\"summary_large_image\" \/>\n<meta name=\"twitter:site\" content=\"@kudocook\" \/>\n<meta name=\"twitter:label1\" content=\"Tiempo de lectura\" \/>\n\t<meta name=\"twitter:data1\" content=\"1 minuto\" \/>\n<script type=\"application\/ld+json\" class=\"yoast-schema-graph\">{\"@context\":\"https:\\\/\\\/schema.org\",\"@graph\":[{\"@type\":\"WebPage\",\"@id\":\"https:\\\/\\\/kudocook.com\\\/es\\\/recipe\\\/galette-des-rois-con-castanas-y-avellanas-utilizando-un-fagor\\\/\",\"url\":\"https:\\\/\\\/kudocook.com\\\/es\\\/recipe\\\/galette-des-rois-con-castanas-y-avellanas-utilizando-un-fagor\\\/\",\"name\":\"Galette des rois con casta\u00f1as y avellanas utilizando un Fagor - KudoCook\",\"isPartOf\":{\"@id\":\"https:\\\/\\\/kudocook.com\\\/es\\\/#website\"},\"primaryImageOfPage\":{\"@id\":\"https:\\\/\\\/kudocook.com\\\/es\\\/recipe\\\/galette-des-rois-con-castanas-y-avellanas-utilizando-un-fagor\\\/#primaryimage\"},\"image\":{\"@id\":\"https:\\\/\\\/kudocook.com\\\/es\\\/recipe\\\/galette-des-rois-con-castanas-y-avellanas-utilizando-un-fagor\\\/#primaryimage\"},\"thumbnailUrl\":\"https:\\\/\\\/kudocook.com\\\/wp-content\\\/uploads\\\/2024\\\/09\\\/637f72700f456.jpg\",\"datePublished\":\"2024-09-27T13:41:32+00:00\",\"dateModified\":\"2025-03-27T02:10:17+00:00\",\"breadcrumb\":{\"@id\":\"https:\\\/\\\/kudocook.com\\\/es\\\/recipe\\\/galette-des-rois-con-castanas-y-avellanas-utilizando-un-fagor\\\/#breadcrumb\"},\"inLanguage\":\"es\",\"potentialAction\":[{\"@type\":\"ReadAction\",\"target\":[\"https:\\\/\\\/kudocook.com\\\/es\\\/recipe\\\/galette-des-rois-con-castanas-y-avellanas-utilizando-un-fagor\\\/\"]}]},{\"@type\":\"ImageObject\",\"inLanguage\":\"es\",\"@id\":\"https:\\\/\\\/kudocook.com\\\/es\\\/recipe\\\/galette-des-rois-con-castanas-y-avellanas-utilizando-un-fagor\\\/#primaryimage\",\"url\":\"https:\\\/\\\/kudocook.com\\\/wp-content\\\/uploads\\\/2024\\\/09\\\/637f72700f456.jpg\",\"contentUrl\":\"https:\\\/\\\/kudocook.com\\\/wp-content\\\/uploads\\\/2024\\\/09\\\/637f72700f456.jpg\",\"width\":900,\"height\":600},{\"@type\":\"BreadcrumbList\",\"@id\":\"https:\\\/\\\/kudocook.com\\\/es\\\/recipe\\\/galette-des-rois-con-castanas-y-avellanas-utilizando-un-fagor\\\/#breadcrumb\",\"itemListElement\":[{\"@type\":\"ListItem\",\"position\":1,\"name\":\"Inicio\",\"item\":\"https:\\\/\\\/kudocook.com\\\/es\\\/\"},{\"@type\":\"ListItem\",\"position\":2,\"name\":\"Recetas\",\"item\":\"https:\\\/\\\/kudocook.com\\\/es\\\/recetas\\\/\"},{\"@type\":\"ListItem\",\"position\":3,\"name\":\"Fagor\",\"item\":\"https:\\\/\\\/kudocook.com\\\/es\\\/recetas\\\/?_compatible_robots=fagor-es\"},{\"@type\":\"ListItem\",\"position\":4,\"name\":\"Galette des rois con casta\u00f1as y avellanas utilizando un Fagor\"}]},{\"@type\":\"WebSite\",\"@id\":\"https:\\\/\\\/kudocook.com\\\/es\\\/#website\",\"url\":\"https:\\\/\\\/kudocook.com\\\/es\\\/\",\"name\":\"KudoCook\",\"description\":\"Conquer a world of culinary possibilities!\",\"publisher\":{\"@id\":\"https:\\\/\\\/kudocook.com\\\/es\\\/#organization\"},\"potentialAction\":[{\"@type\":\"SearchAction\",\"target\":{\"@type\":\"EntryPoint\",\"urlTemplate\":\"https:\\\/\\\/kudocook.com\\\/es\\\/?s={search_term_string}\"},\"query-input\":{\"@type\":\"PropertyValueSpecification\",\"valueRequired\":true,\"valueName\":\"search_term_string\"}}],\"inLanguage\":\"es\"},{\"@type\":\"Organization\",\"@id\":\"https:\\\/\\\/kudocook.com\\\/es\\\/#organization\",\"name\":\"KudoCook\",\"url\":\"https:\\\/\\\/kudocook.com\\\/es\\\/\",\"logo\":{\"@type\":\"ImageObject\",\"inLanguage\":\"es\",\"@id\":\"https:\\\/\\\/kudocook.com\\\/es\\\/#\\\/schema\\\/logo\\\/image\\\/\",\"url\":\"https:\\\/\\\/kudocook.com\\\/wp-content\\\/uploads\\\/2024\\\/11\\\/playstore.png\",\"contentUrl\":\"https:\\\/\\\/kudocook.com\\\/wp-content\\\/uploads\\\/2024\\\/11\\\/playstore.png\",\"width\":512,\"height\":512,\"caption\":\"KudoCook\"},\"image\":{\"@id\":\"https:\\\/\\\/kudocook.com\\\/es\\\/#\\\/schema\\\/logo\\\/image\\\/\"},\"sameAs\":[\"https:\\\/\\\/www.facebook.com\\\/kudocook\",\"https:\\\/\\\/x.com\\\/kudocook\",\"https:\\\/\\\/www.instagram.com\\\/kudocook\",\"https:\\\/\\\/www.youtube.com\\\/channel\\\/UCIHQma3NSZUyloPZowJSBZQ\",\"https:\\\/\\\/pinterest.com\\\/kudocook\"]}]}<\/script>\n<!-- \/ Yoast SEO plugin. -->","yoast_head_json":{"title":"Galette des rois con casta\u00f1as y avellanas utilizando un Fagor - KudoCook","robots":{"index":"index","follow":"follow","max-snippet":"max-snippet:-1","max-image-preview":"max-image-preview:large","max-video-preview":"max-video-preview:-1"},"canonical":"https:\/\/kudocook.com\/es\/recipe\/galette-des-rois-con-castanas-y-avellanas-utilizando-un-fagor\/","og_locale":"es_ES","og_type":"article","og_title":"Galette des rois con casta\u00f1as y avellanas utilizando un Fagor - KudoCook","og_description":"Del\u00e9itate con un trozo de tradici\u00f3n francesa con la Galette des Rois, un delicioso hojaldre que celebra la Epifan\u00eda y la alegr\u00eda de los reyes. Esta versi\u00f3n en particular, que incluye casta\u00f1as y avellanas, aporta un giro nuez a la...","og_url":"https:\/\/kudocook.com\/es\/recipe\/galette-des-rois-con-castanas-y-avellanas-utilizando-un-fagor\/","og_site_name":"KudoCook","article_publisher":"https:\/\/www.facebook.com\/kudocook","article_modified_time":"2025-03-27T02:10:17+00:00","og_image":[{"width":900,"height":600,"url":"https:\/\/kudocook.com\/wp-content\/uploads\/2024\/09\/637f72700f456.jpg","type":"image\/jpeg"}],"twitter_card":"summary_large_image","twitter_site":"@kudocook","twitter_misc":{"Tiempo de lectura":"1 minuto"},"schema":{"@context":"https:\/\/schema.org","@graph":[{"@type":"WebPage","@id":"https:\/\/kudocook.com\/es\/recipe\/galette-des-rois-con-castanas-y-avellanas-utilizando-un-fagor\/","url":"https:\/\/kudocook.com\/es\/recipe\/galette-des-rois-con-castanas-y-avellanas-utilizando-un-fagor\/","name":"Galette des rois con casta\u00f1as y avellanas utilizando un Fagor - KudoCook","isPartOf":{"@id":"https:\/\/kudocook.com\/es\/#website"},"primaryImageOfPage":{"@id":"https:\/\/kudocook.com\/es\/recipe\/galette-des-rois-con-castanas-y-avellanas-utilizando-un-fagor\/#primaryimage"},"image":{"@id":"https:\/\/kudocook.com\/es\/recipe\/galette-des-rois-con-castanas-y-avellanas-utilizando-un-fagor\/#primaryimage"},"thumbnailUrl":"https:\/\/kudocook.com\/wp-content\/uploads\/2024\/09\/637f72700f456.jpg","datePublished":"2024-09-27T13:41:32+00:00","dateModified":"2025-03-27T02:10:17+00:00","breadcrumb":{"@id":"https:\/\/kudocook.com\/es\/recipe\/galette-des-rois-con-castanas-y-avellanas-utilizando-un-fagor\/#breadcrumb"},"inLanguage":"es","potentialAction":[{"@type":"ReadAction","target":["https:\/\/kudocook.com\/es\/recipe\/galette-des-rois-con-castanas-y-avellanas-utilizando-un-fagor\/"]}]},{"@type":"ImageObject","inLanguage":"es","@id":"https:\/\/kudocook.com\/es\/recipe\/galette-des-rois-con-castanas-y-avellanas-utilizando-un-fagor\/#primaryimage","url":"https:\/\/kudocook.com\/wp-content\/uploads\/2024\/09\/637f72700f456.jpg","contentUrl":"https:\/\/kudocook.com\/wp-content\/uploads\/2024\/09\/637f72700f456.jpg","width":900,"height":600},{"@type":"BreadcrumbList","@id":"https:\/\/kudocook.com\/es\/recipe\/galette-des-rois-con-castanas-y-avellanas-utilizando-un-fagor\/#breadcrumb","itemListElement":[{"@type":"ListItem","position":1,"name":"Inicio","item":"https:\/\/kudocook.com\/es\/"},{"@type":"ListItem","position":2,"name":"Recetas","item":"https:\/\/kudocook.com\/es\/recetas\/"},{"@type":"ListItem","position":3,"name":"Fagor","item":"https:\/\/kudocook.com\/es\/recetas\/?_compatible_robots=fagor-es"},{"@type":"ListItem","position":4,"name":"Galette des rois con casta\u00f1as y avellanas utilizando un Fagor"}]},{"@type":"WebSite","@id":"https:\/\/kudocook.com\/es\/#website","url":"https:\/\/kudocook.com\/es\/","name":"KudoCook","description":"Conquer a world of culinary possibilities!","publisher":{"@id":"https:\/\/kudocook.com\/es\/#organization"},"potentialAction":[{"@type":"SearchAction","target":{"@type":"EntryPoint","urlTemplate":"https:\/\/kudocook.com\/es\/?s={search_term_string}"},"query-input":{"@type":"PropertyValueSpecification","valueRequired":true,"valueName":"search_term_string"}}],"inLanguage":"es"},{"@type":"Organization","@id":"https:\/\/kudocook.com\/es\/#organization","name":"KudoCook","url":"https:\/\/kudocook.com\/es\/","logo":{"@type":"ImageObject","inLanguage":"es","@id":"https:\/\/kudocook.com\/es\/#\/schema\/logo\/image\/","url":"https:\/\/kudocook.com\/wp-content\/uploads\/2024\/11\/playstore.png","contentUrl":"https:\/\/kudocook.com\/wp-content\/uploads\/2024\/11\/playstore.png","width":512,"height":512,"caption":"KudoCook"},"image":{"@id":"https:\/\/kudocook.com\/es\/#\/schema\/logo\/image\/"},"sameAs":["https:\/\/www.facebook.com\/kudocook","https:\/\/x.com\/kudocook","https:\/\/www.instagram.com\/kudocook","https:\/\/www.youtube.com\/channel\/UCIHQma3NSZUyloPZowJSBZQ","https:\/\/pinterest.com\/kudocook"]}]}},"jetpack_sharing_enabled":true,"_links":{"self":[{"href":"https:\/\/kudocook.com\/es\/wp-json\/wp\/v2\/recipe\/1035599","targetHints":{"allow":["GET"]}}],"collection":[{"href":"https:\/\/kudocook.com\/es\/wp-json\/wp\/v2\/recipe"}],"about":[{"href":"https:\/\/kudocook.com\/es\/wp-json\/wp\/v2\/types\/recipe"}],"version-history":[{"count":1,"href":"https:\/\/kudocook.com\/es\/wp-json\/wp\/v2\/recipe\/1035599\/revisions"}],"predecessor-version":[{"id":1035600,"href":"https:\/\/kudocook.com\/es\/wp-json\/wp\/v2\/recipe\/1035599\/revisions\/1035600"}],"wp:featuredmedia":[{"embeddable":true,"href":"https:\/\/kudocook.com\/es\/wp-json\/wp\/v2\/media\/1035543"}],"wp:attachment":[{"href":"https:\/\/kudocook.com\/es\/wp-json\/wp\/v2\/media?parent=1035599"}],"wp:term":[{"taxonomy":"category","embeddable":true,"href":"https:\/\/kudocook.com\/es\/wp-json\/wp\/v2\/categories?post=1035599"},{"taxonomy":"post_tag","embeddable":true,"href":"https:\/\/kudocook.com\/es\/wp-json\/wp\/v2\/tags?post=1035599"},{"taxonomy":"recipe_category","embeddable":true,"href":"https:\/\/kudocook.com\/es\/wp-json\/wp\/v2\/recipe_category?post=1035599"},{"taxonomy":"recipe_meal_course","embeddable":true,"href":"https:\/\/kudocook.com\/es\/wp-json\/wp\/v2\/recipe_meal_course?post=1035599"},{"taxonomy":"recipe_profile","embeddable":true,"href":"https:\/\/kudocook.com\/es\/wp-json\/wp\/v2\/recipe_profile?post=1035599"},{"taxonomy":"recipe_origin","embeddable":true,"href":"https:\/\/kudocook.com\/es\/wp-json\/wp\/v2\/recipe_origin?post=1035599"},{"taxonomy":"recipe_season","embeddable":true,"href":"https:\/\/kudocook.com\/es\/wp-json\/wp\/v2\/recipe_season?post=1035599"},{"taxonomy":"compatible_robots","embeddable":true,"href":"https:\/\/kudocook.com\/es\/wp-json\/wp\/v2\/compatible_robots?post=1035599"}],"curies":[{"name":"wp","href":"https:\/\/api.w.org\/{rel}","templated":true}]}}